{"id":1525,"date":"2019-12-06T12:55:00","date_gmt":"2019-12-06T11:55:00","guid":{"rendered":"http:\/\/localhost:8181\/?post_type=bim_type&#038;p=1525"},"modified":"2022-12-12T15:12:49","modified_gmt":"2022-12-12T14:12:49","slug":"cykelstaell-bike-dubbel-med-ramlaas","status":"publish","type":"bim_type","link":"https:\/\/www.welandudemiljo.dk\/sv\/bim\/cykelstaell-bike-dubbel-med-ramlaas\/","title":{"rendered":"Cykelst\u00e4ll Bike Dubbel med raml\u00e5s"},"content":{"rendered":"\n<div class=\"wp-block-cover alignfull\" style=\"min-height:600px;aspect-ratio:unset;\"><img loading=\"lazy\" decoding=\"async\" width=\"1800\" height=\"1200\" class=\"wp-block-cover__image-background wp-image-1080\" alt=\"\" src=\"http:\/\/localhost:8181\/wp-content\/uploads\/2020\/08\/cykelstall_bike_galleri-bi00001496-1.jpg\" style=\"object-position:19% 46%\" data-object-fit=\"cover\" data-object-position=\"19% 46%\" srcset=\"https:\/\/www.welandudemiljo.dk\/wp-content\/uploads\/2020\/08\/cykelstall_bike_galleri-bi00001496-1.jpg 1800w, https:\/\/www.welandudemiljo.dk\/wp-content\/uploads\/2020\/08\/cykelstall_bike_galleri-bi00001496-1-300x200.jpg 300w, https:\/\/www.welandudemiljo.dk\/wp-content\/uploads\/2020\/08\/cykelstall_bike_galleri-bi00001496-1-1024x683.jpg 1024w, https:\/\/www.welandudemiljo.dk\/wp-content\/uploads\/2020\/08\/cykelstall_bike_galleri-bi00001496-1-768x512.jpg 768w, https:\/\/www.welandudemiljo.dk\/wp-content\/uploads\/2020\/08\/cykelstall_bike_galleri-bi00001496-1-1536x1024.jpg 1536w, https:\/\/www.welandudemiljo.dk\/wp-content\/uploads\/2020\/08\/cykelstall_bike_galleri-bi00001496-1-1568x1045.jpg 1568w\" sizes=\"auto, (max-width: 1800px) 100vw, 1800px\" \/><div class=\"wp-block-cover__inner-container is-layout-flow wp-block-cover-is-layout-flow\">\n<p class=\"has-text-align-center has-large-font-size\"><\/p>\n<\/div><\/div>\n\n\n        <div class=\"container\">\n            <div class=\"row\">\n                <div class=\"col-sm-12\">\n                    <nav aria-label=\"breadcrumb\">\n                        <ol class=\"breadcrumb\">\n                            <li class=\"breadcrumb-item\">\n                                <a href=\"https:\/\/www.welandudemiljo.dk\/sv\/\">Startsida<\/a>\n                            <\/li>\n                                                            <li class=\"breadcrumb-item active\" aria-current=\"page\">\n                                    Cykelst\u00e4ll Bike Dubbel med raml\u00e5s                                    0                                <\/li>\n                                                    <\/ol>\n                    <\/nav>\n                <\/div>\n            <\/div>\n        <\/div>\n\n        \n\n\n<div class=\"wp-block-columns alignwide is-layout-flex wp-container-core-columns-is-layout-9d6595d7 wp-block-columns-is-layout-flex\">\n<div class=\"wp-block-column is-layout-flow wp-block-column-is-layout-flow\" style=\"flex-basis:66.66%\">\n<h2 class=\"wp-block-heading\">Cykelst\u00e4ll Bike med raml\u00e5s &#8211; dubbelsidig<\/h2>\n\n\n\n<p>Bike cykelst\u00e4ll \u00e4r en prisv\u00e4rd produkt med valbar l\u00e4ngd. Med sin l\u00e5ga vikt och enkla konstruktion g\u00e5r montaget smidigt. Profilerna \u00e4r i pulverlackerat aluminium medans hjulh\u00e5llare och raml\u00e5s \u00e4r i varmf\u00f6rzinkat utf\u00f6rande. Bike finns i valfri standardkul\u00f6r; Svart, Gr\u00e5, Gr\u00f6n &amp; Brun.\u00a0\u00d6vriga kul\u00f6rer mot en st\u00e4llkostnad. Bike monteras p\u00e5 betongplintar alternativt fotplattor.<\/p>\n\n\n\n<p>Weland Aluminium AB levererar CE-m\u00e4rkta produkter.<\/p>\n\n\n\n<p>F\u00f6r mer information v\u00e4nligen kontakta <a href=\"mailto:info@welandutemiljo.se\">info@welandutemiljo.se.<\/a><\/p>\n\n\n\n<div class=\"wp-block-idr-accordion accordion\"><div class=\"card\"><div class=\"card-header\" id=\"heading7437d830-9701-44f4-b7aa-d8e25ca4aaef\"><h5 class=\"mb-0\"><a class=\"collapsed\" role=\"button\" data-toggle=\"collapse\" href=\"#collapse7437d830-9701-44f4-b7aa-d8e25ca4aaef\">Specifikation<\/a><\/h5><\/div><div id=\"collapse7437d830-9701-44f4-b7aa-d8e25ca4aaef\" class=\"collapse\" aria-labelledby=\"heading7437d830-9701-44f4-b7aa-d8e25ca4aaef\"><div class=\"card-body\">\n<p>Bild 1: BIKE (8pl) c\/c 2000 mm.<\/p>\n\n\n\n<p>Bild 2: BIKE (10pl) c\/c 2500 mm.<\/p>\n<\/div><\/div><\/div><\/div>\n\n\n\n<div class=\"wp-block-idr-accordion accordion\"><div class=\"card\"><div class=\"card-header\" id=\"heading2597acb9-e03d-44a8-9c7f-05c752bc68b1\"><h5 class=\"mb-0\"><a class=\"collapsed\" role=\"button\" data-toggle=\"collapse\" href=\"#collapse2597acb9-e03d-44a8-9c7f-05c752bc68b1\">Material\/Tillverkad<\/a><\/h5><\/div><div id=\"collapse2597acb9-e03d-44a8-9c7f-05c752bc68b1\" class=\"collapse\" aria-labelledby=\"heading2597acb9-e03d-44a8-9c7f-05c752bc68b1\"><div class=\"card-body\">\n<p>Huvudmaterial: Aluminium<\/p>\n\n\n\n<hr class=\"wp-block-separator is-style-wide\"\/>\n\n\n\n<p>Sekund\u00e4rt material: Varmf\u00f6rzinkat<\/p>\n\n\n\n<hr class=\"wp-block-separator is-style-wide\"\/>\n\n\n\n<p>Designad i: Sverige<\/p>\n\n\n\n<hr class=\"wp-block-separator is-style-wide\"\/>\n\n\n\n<p>Tillverkad i: Sverige<\/p>\n<\/div><\/div><\/div><\/div>\n\n\n\n<div class=\"wp-block-idr-accordion accordion\"><div class=\"card\"><div class=\"card-header\" id=\"heading8ba4e5d0-0e2b-47e5-be9c-e0315853600d\"><h5 class=\"mb-0\"><a class=\"collapsed\" role=\"button\" data-toggle=\"collapse\" href=\"#collapse8ba4e5d0-0e2b-47e5-be9c-e0315853600d\">L\u00e4nkar<\/a><\/h5><\/div><div id=\"collapse8ba4e5d0-0e2b-47e5-be9c-e0315853600d\" class=\"collapse\" aria-labelledby=\"heading8ba4e5d0-0e2b-47e5-be9c-e0315853600d\"><div class=\"card-body\">\n<p><strong>Produktl\u00e4nk:\u00a0<\/strong><a href=\"https:\/\/www.bimobject.com\/sv\/welandalu\/product\/WAL_bicycle_rack_dual_framelock\" target=\"_blank\" rel=\"noreferrer noopener\">http:\/\/localhost:8181\/default.asp?ID=CYKELPARKERING-BIKE&amp;sLang=sv-se<\/a><\/p>\n<\/div><\/div><\/div><\/div>\n<\/div>\n\n\n\n<div class=\"wp-block-column is-layout-flow wp-block-column-is-layout-flow\" style=\"flex-basis:33.33%\">            <p class=\"d-none d-md-block\">\n                <b>Produktfamilj: <\/b>\n                BICYCLE PARKING                <br>\n                <b>Produktgrupp: <\/b>\n                Bicycle Rack                <br>\n                <b>Publicerad<\/b>\n                2019-12-06            <\/p>\n        \n\n<div class=\"row mb-3\">\n                                    <div class=\"col-6 col-md-6  gallery-img mb-3\">\n            <div class=\"magnifier-box\">\n                                <a href=\"https:\/\/www.welandudemiljo.dk\/wp-content\/uploads\/2020\/09\/cykelstall_bike_ramlasrambo-bi00002358.jpg\" data-photoswipe=\"photoswipe-block_5f55f74540e73\" class=\"lightbox-gallery\" data-width=\"1920\" data-height=\"1200\" data-fancybox=\"gallery-block_5f55f74540e73\">\n                                        <div class=\"lightbox-container\">\n                        <img decoding=\"async\" src=\"https:\/\/www.welandudemiljo.dk\/wp-content\/uploads\/2020\/09\/cykelstall_bike_ramlasrambo-bi00002358-150x150.jpg\"\n                             alt=\"\" class=\"img-fluid\">\n                        <div class=\"buttons\">\n                            <i class=\"fal fa-search fa-2x\" aria-hidden=\"true\"><\/i>\n                        <\/div>\n                    <\/div>\n                                    <\/a>\n                                            <\/div>\n        <\/div>\n    <\/div>\n<\/div>\n<\/div>\n","protected":false},"featured_media":1526,"menu_order":0,"template":"","format":"standard","meta":{"_acf_changed":false,"ub_ctt_via":""},"bim_category":[],"bim_family":[12],"bim_group":[13],"class_list":["post-1525","bim_type","type-bim_type","status-publish","format-standard","has-post-thumbnail","hentry","bim_family-bicycle-parking","bim_group-bicycle-rack"],"acf":[],"_links":{"self":[{"href":"https:\/\/www.welandudemiljo.dk\/sv\/wp-json\/wp\/v2\/bim_type\/1525","targetHints":{"allow":["GET"]}}],"collection":[{"href":"https:\/\/www.welandudemiljo.dk\/sv\/wp-json\/wp\/v2\/bim_type"}],"about":[{"href":"https:\/\/www.welandudemiljo.dk\/sv\/wp-json\/wp\/v2\/types\/bim_type"}],"wp:featuredmedia":[{"embeddable":true,"href":"https:\/\/www.welandudemiljo.dk\/sv\/wp-json\/wp\/v2\/media\/1526"}],"wp:attachment":[{"href":"https:\/\/www.welandudemiljo.dk\/sv\/wp-json\/wp\/v2\/media?parent=1525"}],"wp:term":[{"taxonomy":"bim_category","embeddable":true,"href":"https:\/\/www.welandudemiljo.dk\/sv\/wp-json\/wp\/v2\/bim_category?post=1525"},{"taxonomy":"bim_family","embeddable":true,"href":"https:\/\/www.welandudemiljo.dk\/sv\/wp-json\/wp\/v2\/bim_family?post=1525"},{"taxonomy":"bim_group","embeddable":true,"href":"https:\/\/www.welandudemiljo.dk\/sv\/wp-json\/wp\/v2\/bim_group?post=1525"}],"curies":[{"name":"wp","href":"https:\/\/api.w.org\/{rel}","templated":true}]}}